{"id":2220,"date":"2020-11-04T13:33:33","date_gmt":"2020-11-04T18:33:33","guid":{"rendered":"https:\/\/cetproazangaro.edu.pe\/web\/?page_id=2220"},"modified":"2024-06-28T15:57:49","modified_gmt":"2024-06-28T20:57:49","slug":"historia","status":"publish","type":"page","link":"https:\/\/cetproazangaro.edu.pe\/web\/historia\/","title":{"rendered":"HIST\u00d3RIA"},"content":{"rendered":"<p>[vc_row][vc_column width=\u00bb2\/3&#8243;][vc_column_text]<\/p>\n<h4 style=\"text-align: center;\"><strong>BREVE RESE\u00d1A HISTORICA DEL CETPRO<\/strong><\/h4>\n<p>[\/vc_column_text][vc_column_text]El Centro de Educaci\u00f3n T\u00e9cnico Productiva, ha pasado por una serie de experiencias educativas, desde el momento de su creaci\u00f3n con el Gobierno de Juan Velasco, Morales Berm\u00fadez, surgiendo los Centros de Capacitaci\u00f3n para el Trabajo (CECAT), los mismos que estuvieron orientados a brindar una capacitaci\u00f3n para el trabajo, haciendo rotar a los\u00a0 Centros Educativos, que no tuvieron talleres para impartir\u00a0 instrucciones, en opciones ocupacionales, sin embargo no se cumpli\u00f3 con este objetivo, por no contar con equipamiento moderno, y de acuerdo a la R. D. Z. N\u00b0 141. Se resuelve autorizar el funcionamiento del CECAT en la ciudad de\u00a0 Az\u00e1ngaro, la que apertura sus servicios con dos especialidades de Carpinter\u00eda, Corte y Confecci\u00f3n, el 10 de mayo de 1980, con R. D. Z. N\u00b0 0344 se resuelve dar, una estructura organizativa al CECAT, los alumnos egresados con certificaci\u00f3n de capacitaci\u00f3n t\u00e9cnica en las especialidades de:\u00a0 Confecci\u00f3n textil, Computaci\u00f3n e inform\u00e1tica, Electr\u00f3nica, Tejida a mano y m\u00e1quina, Carpinter\u00eda, Mec\u00e1nica\u00a0 automotriz, Panader\u00eda y pasteler\u00eda, Mec\u00e1nica de\u00a0 producci\u00f3n y Mec\u00e1nica de motos.<\/p>\n<p>En el a\u00f1o 1980, cambia la denominaci\u00f3n a \u201cCalificaci\u00f3n Profesional Extraordinaria\u201d, accedieron a este nivel; los alumnos del nivel primario, secundario, superior, desocupados, subempleados y empleados, egresaron los alumnos con certificaciones de capacitaci\u00f3n t\u00e9cnica en las especialidades de Agropecuaria, Mec\u00e1nica de Banco, Corte y Confecci\u00f3n, Carpinter\u00eda y Radio electricidad, el mismo que tuvo una vigencia de 03 a\u00f1os,\u00a0 el gobierno de Belaunde Terry\u00a0 promulg\u00f3, la ley de educaci\u00f3n 23384 de 10 de junio de 1983, con el que se autoriza el cambio de la denominaci\u00f3n a Centro de Educaci\u00f3n Ocupacional Anexo INA 21,\u00a0 con las mismas caracter\u00edsticas de la calificaci\u00f3n profesional extraordinaria, egresando los participantes con certificaci\u00f3n de Capacitaci\u00f3n T\u00e9cnica, indicando las horas de capacitaci\u00f3n en las especialidades de: Industria del Vestido, Tejido Punto a\u00a0 mano, carpinter\u00eda, electr\u00f3nica \u2013 electricidad, topograf\u00eda-construcciones y Mec\u00e1nica de Banco, en niveles b\u00e1sicos, actualizado en 2004, cambi\u00f3 solamente la denominaci\u00f3n a Instituci\u00f3n Educativa Ocupacional sin afectar a la estructura organizativa y educativa de la instituci\u00f3n.<\/p>\n<p>En el\u00a0 a\u00f1o 2018 se implement\u00f3 la reconversi\u00f3n de mec\u00e1nica de motos por la\u00a0 especialidad de Peluquer\u00eda b\u00e1sica d\u00e1ndose\u00a0 el\u00a0 funcionamiento acad\u00e9mico\u00a0 en\u00a0 el a\u00f1o\u00a0 2018.<\/p>\n<p>El gobierno peruano dirigido por el Presidente Alejandro Toledo Manrique, mediante el Ministro de Educaci\u00f3n promulg\u00f3 la Ley General de Educaci\u00f3n N\u00b0 28044 y en el cap\u00edtulo III, hace menci\u00f3n a la Educaci\u00f3n T\u00e9cnica Productiva y mediante el D. S. N\u00b0 022-2004-ED reglament\u00f3 el funcionamiento de los CETPROS<\/p>\n<p>En un primer momento se mantiene una estrecha relaci\u00f3n administrativa con el colegio INA 21, los coordinadores \/ directores que dirigieron a la instituci\u00f3n fueron:<\/p>\n<ul>\n<li><strong>Francisco, Sucari Callohuanca antes de 1990<\/strong><\/li>\n<li><strong>Jos\u00e9 Toribio Mamani Roque (1990-1996)<\/strong><\/li>\n<li><strong>Claudio Chaquilla Garrido (1987)<\/strong><\/li>\n<li><strong>Manuel C. Monteagudo Herrera (2002 \u2013 2003)<\/strong><\/li>\n<li><strong>Jos\u00e9 Toribio Mamani Roque (2004-2016)<\/strong><\/li>\n<li><strong>Yolanda Zamata Arenas (2016- 2018).<\/strong><\/li>\n<li><strong>Patricia Zambrano Vasques (2019)<\/strong><\/li>\n<li><strong>Jos\u00e9 Luis Choque Palli (2020 &#8211; hasta la actualidad)<\/strong><\/li>\n<\/ul>\n<p>[\/vc_column_text][\/vc_column][vc_column width=\u00bb1\/3&#8243;][vc_single_image image=\u00bb2422&#8243; img_size=\u00bbmedium\u00bb onclick=\u00bbzoom\u00bb][vc_single_image image=\u00bb2424&#8243; img_size=\u00bbmedium\u00bb onclick=\u00bbzoom\u00bb][\/vc_column][\/vc_row]<\/p>\n","protected":false},"excerpt":{"rendered":"<p>[vc_row][vc_column width=\u00bb2\/3&#8243;][vc_column_text] BREVE RESE\u00d1A HISTORICA DEL CETPRO [\/vc_column_text][vc_column_text]El Centro de Educaci\u00f3n T\u00e9cnico Productiva, ha pasado por una serie de experiencias educativas, desde el momento de su creaci\u00f3n con el Gobierno &hellip; <br \/><a href=\"https:\/\/cetproazangaro.edu.pe\/web\/historia\/\" class=\"more-link\">Continue reading <span class=\"screen-reader-text\">HIST\u00d3RIA<\/span><\/a><\/p>\n","protected":false},"author":1,"featured_media":0,"parent":0,"menu_order":0,"comment_status":"closed","ping_status":"closed","template":"","meta":[],"_links":{"self":[{"href":"https:\/\/cetproazangaro.edu.pe\/web\/wp-json\/wp\/v2\/pages\/2220"}],"collection":[{"href":"https:\/\/cetproazangaro.edu.pe\/web\/wp-json\/wp\/v2\/pages"}],"about":[{"href":"https:\/\/cetproazangaro.edu.pe\/web\/wp-json\/wp\/v2\/types\/page"}],"author":[{"embeddable":true,"href":"https:\/\/cetproazangaro.edu.pe\/web\/wp-json\/wp\/v2\/users\/1"}],"replies":[{"embeddable":true,"href":"https:\/\/cetproazangaro.edu.pe\/web\/wp-json\/wp\/v2\/comments?post=2220"}],"version-history":[{"count":2,"href":"https:\/\/cetproazangaro.edu.pe\/web\/wp-json\/wp\/v2\/pages\/2220\/revisions"}],"predecessor-version":[{"id":2995,"href":"https:\/\/cetproazangaro.edu.pe\/web\/wp-json\/wp\/v2\/pages\/2220\/revisions\/2995"}],"wp:attachment":[{"href":"https:\/\/cetproazangaro.edu.pe\/web\/wp-json\/wp\/v2\/media?parent=2220"}],"curies":[{"name":"wp","href":"https:\/\/api.w.org\/{rel}","templated":true}]}}